{"id":69698,"date":"2017-03-07T16:43:26","date_gmt":"2017-03-07T15:43:26","guid":{"rendered":"https:\/\/ohcesarparis.com\/portfolio\/anne-riquel\/"},"modified":"2024-03-18T17:19:22","modified_gmt":"2024-03-18T16:19:22","slug":"anne-riquel","status":"publish","type":"portfolio","link":"https:\/\/ohcesarparis.com\/it\/portfolio\/anne-riquel\/","title":{"rendered":"ANNE RIQUEL"},"content":{"rendered":"<div class=\"wpb-content-wrapper\">[vc_row row_height_percent=&#8221;0&#8243; back_color=&#8221;color-143597&#8243; overlay_alpha=&#8221;50&#8243; gutter_size=&#8221;3&#8243; shift_y=&#8221;0&#8243;][vc_column column_width_percent=&#8221;100&#8243; align_horizontal=&#8221;align_center&#8221; gutter_size=&#8221;3&#8243; overlay_alpha=&#8221;50&#8243; shift_x=&#8221;0&#8243; shift_y=&#8221;0&#8243; z_index=&#8221;0&#8243; medium_width=&#8221;0&#8243; width=&#8221;1\/2&#8243;][vc_single_image media=&#8221;54828&#8243; media_width_percent=&#8221;70&#8243; alignment=&#8221;center&#8221;][\/vc_column][vc_column column_width_percent=&#8221;100&#8243; gutter_size=&#8221;3&#8243; style=&#8221;dark&#8221; overlay_alpha=&#8221;50&#8243; shift_x=&#8221;0&#8243; shift_y=&#8221;0&#8243; z_index=&#8221;0&#8243; medium_width=&#8221;0&#8243; width=&#8221;1\/2&#8243;][vc_column_text]\r\n<h1>ANNE RIQUEL<\/h1>\n<h2><span style=\"color: #93181b;\">Comedian<\/span><\/h2>\nAlongside her career as Master of Ceremonies at the C\u00e9sar Palace Paris, and as a television host, Anne Riquel also acts.\nShe has had a few roles in films, but it&#8217;s on stage in particular, in musical shows where she can combine acting, dancing and singing.[\/vc_column_text][vc_row_inner row_inner_height_percent=&#8221;0&#8243; overlay_alpha=&#8221;50&#8243; gutter_size=&#8221;0&#8243; shift_y=&#8221;0&#8243;][vc_column_inner column_width_percent=&#8221;100&#8243; align_horizontal=&#8221;align_center&#8221; gutter_size=&#8221;3&#8243; overlay_alpha=&#8221;50&#8243; shift_x=&#8221;0&#8243; shift_y=&#8221;0&#8243; z_index=&#8221;0&#8243; medium_width=&#8221;0&#8243; width=&#8221;1\/4&#8243;][vc_icon icon=&#8221;fa fa-internet-explorer&#8221; icon_color=&#8221;accent&#8221; size=&#8221;fa-2x&#8221; link=&#8221;url:http%3A%2F%2Fanneriquel.fr%2F||target:%20_blank|&#8221;][\/vc_icon][\/vc_column_inner][vc_column_inner column_width_percent=&#8221;100&#8243; align_horizontal=&#8221;align_center&#8221; gutter_size=&#8221;3&#8243; overlay_alpha=&#8221;50&#8243; shift_x=&#8221;0&#8243; shift_y=&#8221;0&#8243; z_index=&#8221;0&#8243; medium_width=&#8221;0&#8243; width=&#8221;1\/4&#8243;][vc_icon icon=&#8221;fa fa-facebook-square&#8221; icon_color=&#8221;accent&#8221; size=&#8221;fa-2x&#8221; link=&#8221;url:https%3A%2F%2Ffr-fr.facebook.com%2Fanne.riquel||target:%20_blank|&#8221;][\/vc_icon][\/vc_column_inner][vc_column_inner width=&#8221;1\/4&#8243;][\/vc_column_inner][vc_column_inner width=&#8221;1\/4&#8243;][\/vc_column_inner][\/vc_row_inner][\/vc_column][\/vc_row][vc_row row_height_percent=&#8221;0&#8243; back_image=&#8221;59552&#8243; overlay_alpha=&#8221;50&#8243; gutter_size=&#8221;3&#8243; column_width_percent=&#8221;100&#8243; shift_y=&#8221;0&#8243; z_index=&#8221;0&#8243;][vc_column column_width_percent=&#8221;100&#8243; gutter_size=&#8221;3&#8243; style=&#8221;dark&#8221; overlay_alpha=&#8221;50&#8243; shift_x=&#8221;0&#8243; shift_y=&#8221;0&#8243; z_index=&#8221;0&#8243; medium_width=&#8221;0&#8243; width=&#8221;1\/1&#8243;][vc_column_text]\r\n<h2>Find out more<\/h2>\nAnne has been singing and dancing to the rhythms of Anglo-Saxon musicals since the age of 4. After studying literature, she moved to New York, where she studied singing at the <em>Brooklyn Conservatory of Music<\/em>, ballet, jazz and modern jazz, and tap dance at the <em>Broadway Dance Center.<\/em>\nPerfectly bilingual, she joined <em>Disneyland Paris<\/em>, where she lent her voice to Pocahontas, Anastasia, the Halloween parade, Lilo and Stich&#8230;\nThis was just the start of a great musical career: <em>Joseph and the Amazing Technicolor Dreamcoat<\/em> in London, <em>Chance<\/em> in Paris, <em>Tintin et le Temple du Soleil<\/em> in Belgium, then <em>Big River<\/em> in New York. The lead role in the musical show for the 2004 Fran\u00e7aise des Jeux tour led her to present the programme &#8220;le Keno&#8221; on France 3.\n\nCurrently a presenter for the M6 group, she presents live programmes and, in the interests of personal and professional development, she devotes her time to writing texts and columns.\nAfter spending a year in New York, Anne signed to Universal under the name Anna Bee, with the dance track &#8220;I don&#8217;t Care&#8221;, produced by Barbara Streisand&#8217;s collaborator Dave Reitzas.\nPassionate about jazz, she joined the group Le CinqTet and recorded a number of tracks as a duo. She also lent her voice to Disney for live shows and recorded the track &#8220;Colors of the Wind&#8221; (Pocahontas).\n\n<em style=\"color: #93181b;\">Depending on your evening, you&#8217;ll have the pleasure of watching this artist perform.<\/em>[\/vc_column_text][vc_row_inner][vc_column_inner column_width_percent=&#8221;100&#8243; align_horizontal=&#8221;align_center&#8221; gutter_size=&#8221;3&#8243; overlay_alpha=&#8221;50&#8243; shift_x=&#8221;0&#8243; shift_y=&#8221;0&#8243; shift_y_down=&#8221;0&#8243; z_index=&#8221;0&#8243; medium_width=&#8221;0&#8243; mobile_width=&#8221;0&#8243; width=&#8221;1\/1&#8243;][vc_button button_color=&#8221;color-588725&#8243; radius=&#8221;btn-circle&#8221; border_width=&#8221;0&#8243; link=&#8221;url:http%3A%2F%2Fohcesarparis.com%2Fartistes|&#8221;]SEE ALL ARTISTS[\/vc_button][\/vc_column_inner][\/vc_row_inner][\/vc_column][\/vc_row]<\/div>","protected":false},"excerpt":{"rendered":"Alongside her career as Master of Ceremonies at the C\u00e9sar Palace Paris, and as a television host, Anne Riquel also acts.","protected":false},"author":4,"featured_media":69699,"parent":0,"menu_order":0,"comment_status":"closed","ping_status":"closed","template":"","meta":{"footnotes":""},"portfolio_category":[],"class_list":["post-69698","portfolio","type-portfolio","status-publish","has-post-thumbnail","hentry"],"yoast_head":"<!-- This site is optimized with the Yoast SEO plugin v26.9 - https:\/\/yoast.com\/product\/yoast-seo-wordpress\/ -->\n<title>ANNE RIQUEL - Oh C\u00e9sar by C\u00e9sar Palace Paris<\/title>\n<meta name=\"robots\" content=\"index, follow, max-snippet:-1, max-image-preview:large, max-video-preview:-1\" \/>\n<link rel=\"canonical\" href=\"https:\/\/ohcesarparis.com\/it\/portfolio\/anne-riquel\/\" \/>\n<meta property=\"og:locale\" content=\"it_IT\" \/>\n<meta property=\"og:type\" content=\"article\" \/>\n<meta property=\"og:title\" content=\"ANNE RIQUEL - Oh C\u00e9sar by C\u00e9sar Palace Paris\" \/>\n<meta property=\"og:description\" content=\"Alongside her career as Master of Ceremonies at the C\u00e9sar Palace Paris, and as a television host, Anne Riquel also acts.\" \/>\n<meta property=\"og:url\" content=\"https:\/\/ohcesarparis.com\/it\/portfolio\/anne-riquel\/\" \/>\n<meta property=\"og:site_name\" content=\"Oh C\u00e9sar by C\u00e9sar Palace Paris\" \/>\n<meta property=\"article:publisher\" content=\"https:\/\/www.facebook.com\/CesarPalaceParis\" \/>\n<meta property=\"article:modified_time\" content=\"2024-03-18T16:19:22+00:00\" \/>\n<meta property=\"og:image\" content=\"https:\/\/ohcesarparis.com\/wp-content\/uploads\/2017\/03\/ANNE-RIQUEL-FOTO.jpg\" \/>\n\t<meta property=\"og:image:width\" content=\"680\" \/>\n\t<meta property=\"og:image:height\" content=\"1021\" \/>\n\t<meta property=\"og:image:type\" content=\"image\/jpeg\" \/>\n<meta name=\"twitter:card\" content=\"summary_large_image\" \/>\n<meta name=\"twitter:site\" content=\"@CsarPalaceParis\" \/>\n<meta name=\"twitter:label1\" content=\"Tempo di lettura stimato\" \/>\n\t<meta name=\"twitter:data1\" content=\"3 minuti\" \/>\n<script type=\"application\/ld+json\" class=\"yoast-schema-graph\">{\"@context\":\"https:\/\/schema.org\",\"@graph\":[{\"@type\":\"WebPage\",\"@id\":\"https:\/\/ohcesarparis.com\/it\/portfolio\/anne-riquel\/\",\"url\":\"https:\/\/ohcesarparis.com\/it\/portfolio\/anne-riquel\/\",\"name\":\"ANNE RIQUEL - Oh C\u00e9sar by C\u00e9sar Palace Paris\",\"isPartOf\":{\"@id\":\"https:\/\/ohcesarparis.com\/it\/#website\"},\"primaryImageOfPage\":{\"@id\":\"https:\/\/ohcesarparis.com\/it\/portfolio\/anne-riquel\/#primaryimage\"},\"image\":{\"@id\":\"https:\/\/ohcesarparis.com\/it\/portfolio\/anne-riquel\/#primaryimage\"},\"thumbnailUrl\":\"https:\/\/ohcesarparis.com\/wp-content\/uploads\/2017\/03\/ANNE-RIQUEL-FOTO.jpg\",\"datePublished\":\"2017-03-07T15:43:26+00:00\",\"dateModified\":\"2024-03-18T16:19:22+00:00\",\"breadcrumb\":{\"@id\":\"https:\/\/ohcesarparis.com\/it\/portfolio\/anne-riquel\/#breadcrumb\"},\"inLanguage\":\"it-IT\",\"potentialAction\":[{\"@type\":\"ReadAction\",\"target\":[\"https:\/\/ohcesarparis.com\/it\/portfolio\/anne-riquel\/\"]}]},{\"@type\":\"ImageObject\",\"inLanguage\":\"it-IT\",\"@id\":\"https:\/\/ohcesarparis.com\/it\/portfolio\/anne-riquel\/#primaryimage\",\"url\":\"https:\/\/ohcesarparis.com\/wp-content\/uploads\/2017\/03\/ANNE-RIQUEL-FOTO.jpg\",\"contentUrl\":\"https:\/\/ohcesarparis.com\/wp-content\/uploads\/2017\/03\/ANNE-RIQUEL-FOTO.jpg\",\"width\":680,\"height\":1021,\"caption\":\"ANNE ABAZIZI\"},{\"@type\":\"BreadcrumbList\",\"@id\":\"https:\/\/ohcesarparis.com\/it\/portfolio\/anne-riquel\/#breadcrumb\",\"itemListElement\":[{\"@type\":\"ListItem\",\"position\":1,\"name\":\"Accueil\",\"item\":\"https:\/\/ohcesarparis.com\/it\/\"},{\"@type\":\"ListItem\",\"position\":2,\"name\":\"Portfolio\",\"item\":\"https:\/\/ohcesarparis.com\/it\/portfolio\/\"},{\"@type\":\"ListItem\",\"position\":3,\"name\":\"ANNE RIQUEL\"}]},{\"@type\":\"WebSite\",\"@id\":\"https:\/\/ohcesarparis.com\/it\/#website\",\"url\":\"https:\/\/ohcesarparis.com\/it\/\",\"name\":\"Oh C\u00e9sar by C\u00e9sar Palace Paris\",\"description\":\"Passez une soir\u00e9e de r\u00eave au cabaret\",\"publisher\":{\"@id\":\"https:\/\/ohcesarparis.com\/it\/#organization\"},\"potentialAction\":[{\"@type\":\"SearchAction\",\"target\":{\"@type\":\"EntryPoint\",\"urlTemplate\":\"https:\/\/ohcesarparis.com\/it\/?s={search_term_string}\"},\"query-input\":{\"@type\":\"PropertyValueSpecification\",\"valueRequired\":true,\"valueName\":\"search_term_string\"}}],\"inLanguage\":\"it-IT\"},{\"@type\":\"Organization\",\"@id\":\"https:\/\/ohcesarparis.com\/it\/#organization\",\"name\":\"Oh Cesar Paris\",\"url\":\"https:\/\/ohcesarparis.com\/it\/\",\"logo\":{\"@type\":\"ImageObject\",\"inLanguage\":\"it-IT\",\"@id\":\"https:\/\/ohcesarparis.com\/it\/#\/schema\/logo\/image\/\",\"url\":\"https:\/\/ohcesarparis.com\/wp-content\/uploads\/2017\/03\/logo-oh-cesar-by-cesar-palace-paris.png\",\"contentUrl\":\"https:\/\/ohcesarparis.com\/wp-content\/uploads\/2017\/03\/logo-oh-cesar-by-cesar-palace-paris.png\",\"width\":240,\"height\":70,\"caption\":\"Oh Cesar Paris\"},\"image\":{\"@id\":\"https:\/\/ohcesarparis.com\/it\/#\/schema\/logo\/image\/\"},\"sameAs\":[\"https:\/\/www.facebook.com\/CesarPalaceParis\",\"https:\/\/x.com\/CsarPalaceParis\",\"https:\/\/www.instagram.com\/cesarpalaceparis\/\"]}]}<\/script>\n<!-- \/ Yoast SEO plugin. -->","yoast_head_json":{"title":"ANNE RIQUEL - Oh C\u00e9sar by C\u00e9sar Palace Paris","robots":{"index":"index","follow":"follow","max-snippet":"max-snippet:-1","max-image-preview":"max-image-preview:large","max-video-preview":"max-video-preview:-1"},"canonical":"https:\/\/ohcesarparis.com\/it\/portfolio\/anne-riquel\/","og_locale":"it_IT","og_type":"article","og_title":"ANNE RIQUEL - Oh C\u00e9sar by C\u00e9sar Palace Paris","og_description":"Alongside her career as Master of Ceremonies at the C\u00e9sar Palace Paris, and as a television host, Anne Riquel also acts.","og_url":"https:\/\/ohcesarparis.com\/it\/portfolio\/anne-riquel\/","og_site_name":"Oh C\u00e9sar by C\u00e9sar Palace Paris","article_publisher":"https:\/\/www.facebook.com\/CesarPalaceParis","article_modified_time":"2024-03-18T16:19:22+00:00","og_image":[{"width":680,"height":1021,"url":"https:\/\/ohcesarparis.com\/wp-content\/uploads\/2017\/03\/ANNE-RIQUEL-FOTO.jpg","type":"image\/jpeg"}],"twitter_card":"summary_large_image","twitter_site":"@CsarPalaceParis","twitter_misc":{"Tempo di lettura stimato":"3 minuti"},"schema":{"@context":"https:\/\/schema.org","@graph":[{"@type":"WebPage","@id":"https:\/\/ohcesarparis.com\/it\/portfolio\/anne-riquel\/","url":"https:\/\/ohcesarparis.com\/it\/portfolio\/anne-riquel\/","name":"ANNE RIQUEL - Oh C\u00e9sar by C\u00e9sar Palace Paris","isPartOf":{"@id":"https:\/\/ohcesarparis.com\/it\/#website"},"primaryImageOfPage":{"@id":"https:\/\/ohcesarparis.com\/it\/portfolio\/anne-riquel\/#primaryimage"},"image":{"@id":"https:\/\/ohcesarparis.com\/it\/portfolio\/anne-riquel\/#primaryimage"},"thumbnailUrl":"https:\/\/ohcesarparis.com\/wp-content\/uploads\/2017\/03\/ANNE-RIQUEL-FOTO.jpg","datePublished":"2017-03-07T15:43:26+00:00","dateModified":"2024-03-18T16:19:22+00:00","breadcrumb":{"@id":"https:\/\/ohcesarparis.com\/it\/portfolio\/anne-riquel\/#breadcrumb"},"inLanguage":"it-IT","potentialAction":[{"@type":"ReadAction","target":["https:\/\/ohcesarparis.com\/it\/portfolio\/anne-riquel\/"]}]},{"@type":"ImageObject","inLanguage":"it-IT","@id":"https:\/\/ohcesarparis.com\/it\/portfolio\/anne-riquel\/#primaryimage","url":"https:\/\/ohcesarparis.com\/wp-content\/uploads\/2017\/03\/ANNE-RIQUEL-FOTO.jpg","contentUrl":"https:\/\/ohcesarparis.com\/wp-content\/uploads\/2017\/03\/ANNE-RIQUEL-FOTO.jpg","width":680,"height":1021,"caption":"ANNE ABAZIZI"},{"@type":"BreadcrumbList","@id":"https:\/\/ohcesarparis.com\/it\/portfolio\/anne-riquel\/#breadcrumb","itemListElement":[{"@type":"ListItem","position":1,"name":"Accueil","item":"https:\/\/ohcesarparis.com\/it\/"},{"@type":"ListItem","position":2,"name":"Portfolio","item":"https:\/\/ohcesarparis.com\/it\/portfolio\/"},{"@type":"ListItem","position":3,"name":"ANNE RIQUEL"}]},{"@type":"WebSite","@id":"https:\/\/ohcesarparis.com\/it\/#website","url":"https:\/\/ohcesarparis.com\/it\/","name":"Oh C\u00e9sar by C\u00e9sar Palace Paris","description":"Passez une soir\u00e9e de r\u00eave au cabaret","publisher":{"@id":"https:\/\/ohcesarparis.com\/it\/#organization"},"potentialAction":[{"@type":"SearchAction","target":{"@type":"EntryPoint","urlTemplate":"https:\/\/ohcesarparis.com\/it\/?s={search_term_string}"},"query-input":{"@type":"PropertyValueSpecification","valueRequired":true,"valueName":"search_term_string"}}],"inLanguage":"it-IT"},{"@type":"Organization","@id":"https:\/\/ohcesarparis.com\/it\/#organization","name":"Oh Cesar Paris","url":"https:\/\/ohcesarparis.com\/it\/","logo":{"@type":"ImageObject","inLanguage":"it-IT","@id":"https:\/\/ohcesarparis.com\/it\/#\/schema\/logo\/image\/","url":"https:\/\/ohcesarparis.com\/wp-content\/uploads\/2017\/03\/logo-oh-cesar-by-cesar-palace-paris.png","contentUrl":"https:\/\/ohcesarparis.com\/wp-content\/uploads\/2017\/03\/logo-oh-cesar-by-cesar-palace-paris.png","width":240,"height":70,"caption":"Oh Cesar Paris"},"image":{"@id":"https:\/\/ohcesarparis.com\/it\/#\/schema\/logo\/image\/"},"sameAs":["https:\/\/www.facebook.com\/CesarPalaceParis","https:\/\/x.com\/CsarPalaceParis","https:\/\/www.instagram.com\/cesarpalaceparis\/"]}]}},"_links":{"self":[{"href":"https:\/\/ohcesarparis.com\/it\/wp-json\/wp\/v2\/portfolio\/69698","targetHints":{"allow":["GET"]}}],"collection":[{"href":"https:\/\/ohcesarparis.com\/it\/wp-json\/wp\/v2\/portfolio"}],"about":[{"href":"https:\/\/ohcesarparis.com\/it\/wp-json\/wp\/v2\/types\/portfolio"}],"author":[{"embeddable":true,"href":"https:\/\/ohcesarparis.com\/it\/wp-json\/wp\/v2\/users\/4"}],"replies":[{"embeddable":true,"href":"https:\/\/ohcesarparis.com\/it\/wp-json\/wp\/v2\/comments?post=69698"}],"version-history":[{"count":1,"href":"https:\/\/ohcesarparis.com\/it\/wp-json\/wp\/v2\/portfolio\/69698\/revisions"}],"predecessor-version":[{"id":69716,"href":"https:\/\/ohcesarparis.com\/it\/wp-json\/wp\/v2\/portfolio\/69698\/revisions\/69716"}],"wp:featuredmedia":[{"embeddable":true,"href":"https:\/\/ohcesarparis.com\/it\/wp-json\/wp\/v2\/media\/69699"}],"wp:attachment":[{"href":"https:\/\/ohcesarparis.com\/it\/wp-json\/wp\/v2\/media?parent=69698"}],"wp:term":[{"taxonomy":"portfolio_category","embeddable":true,"href":"https:\/\/ohcesarparis.com\/it\/wp-json\/wp\/v2\/portfolio_category?post=69698"}],"curies":[{"name":"wp","href":"https:\/\/api.w.org\/{rel}","templated":true}]}}